{"id":2590,"date":"2021-08-05T13:03:30","date_gmt":"2021-08-05T13:03:30","guid":{"rendered":"https:\/\/alpes-ski-soleil.com\/?page_id=2590"},"modified":"2024-10-28T12:11:02","modified_gmt":"2024-10-28T12:11:02","slug":"renovation-de-la-maison","status":"publish","type":"page","link":"https:\/\/alpes-ski-soleil.com\/?page_id=2590","title":{"rendered":"R\u00e9novation de la Maison"},"content":{"rendered":"\n<h1 class=\"wp-block-heading has-text-align-center\">R\u00e9novation de la maison<\/h1>\n\n\n\n<hr class=\"wp-block-separator has-alpha-channel-opacity is-style-wide\"\/>\n\n\n\n<div style=\"height:50px\" aria-hidden=\"true\" class=\"wp-block-spacer\"><\/div>\n\n\n<p>En 2018, nous avons eu un gros coup de c\u0153ur pour cette grange situ\u00e9e dans le hameau du M\u00e9l\u00e8zet. Cette ferme, dont la construction remonte vraisemblablement au XVIII<sup>\u00e8me <\/sup>selon les anciens, \u00e9tait encore habit\u00e9e il y a une quinzaine d&rsquo;ann\u00e9es par Emile et Paul, deux fr\u00e8res descendants d&rsquo;une longue lign\u00e9e de rudes paysans montagnards.<\/p>\n<p>Mais cette maison \u00e9tait en p\u00e9ril\u2026 Le toit fuyait, la pluie s&rsquo;infiltrait entre les pierres et emportait le mortier, les racines de fr\u00eanes poussaient les murs\u2026 Un an de travaux nous a \u00e9t\u00e9 n\u00e9cessaire pour sauver cette maison de pays. Refaire le toit, consolider les murs, telle \u00e9tait l&rsquo;urgence.<\/p>\n<p>Puis deux ans pour cr\u00e9er notre appartement au rez de jardin o\u00f9 nous vivons, l\u00e0 o\u00f9 se trouvait le lieu de vie accol\u00e9 \u00e0 l&rsquo;\u00e9table. Puis l&rsquo;appartement que nous vous proposons au premier \u00e0 l&#8217;emplacement de ce qui \u00e9tait la grange \u00e0 foin.<\/p>\n<p>Pour cette r\u00e9novation de qualit\u00e9 nous avons voulu utiliser au mieux les mat\u00e9riaux et quelques \u00e9l\u00e9ments de la construction trouv\u00e9s sur place. Les planches de m\u00e9l\u00e8ze du plancher de la grange pour fabriquer les banquettes du salon ou la table de la salle \u00e0 manger, la porte de la grange pour s\u00e9parer le lit de la salle de bain de la chambre sud, un b\u00e2ti de fen\u00eatre transform\u00e9 en miroir, des volets pour cr\u00e9er des penderies ou les tiroirs de la cuisine\u2026<\/p>\n<p>Mais pour votre confort, nous avons voulu de grands volumes, trois chambres ayant chacune sa salle de bain et WC, un grand salon dans lequel nous avons plac\u00e9 un grand tra\u00eeneau transform\u00e9 en table basse et un espace cuisine-repas tout \u00e9quip\u00e9 donnant sur une terrasse panoramique c\u00f4t\u00e9 jardin.<\/p>\n\n\n<div style=\"height:50px\" aria-hidden=\"true\" class=\"wp-block-spacer\"><\/div>\n\n\n\n<h2 class=\"wp-block-heading has-text-align-center\">La maison avant r\u00e9novation<\/h2>\n\n\n\n<hr class=\"wp-block-separator has-alpha-channel-opacity is-style-wide\"\/>\n\n\n<p>C&rsquo;est une vieille maison typique de la r\u00e9gion, grand b\u00e2timent en pierre construit sur une pente avec des entr\u00e9es \u00e0 chaque niveau, la partie sud d\u00e9coup\u00e9e en 2 petits appartements o\u00f9 vivaient les anciens propri\u00e9taires et la partie nord consacr\u00e9e \u00e0 la ferme (grange, \u00e9table, grenier \u00e0 foin&#8230;.).<\/p>\n<p>La maison disposait pour tout chauffage d&rsquo;une vieille cuisini\u00e8re \u00e0 bois en fonte, qui restait allum\u00e9e \u00e9t\u00e9 comme hiver et fournissait \u00e9galement l&rsquo;eau chaude. Pas de salle d&rsquo;eau, pas de toilettes, le seul point d&rsquo;eau, un \u00e9vier, avait \u00e9t\u00e9 install\u00e9 dans les ann\u00e9es 80. Auparavant, les propri\u00e9taires allaient chercher l&rsquo;eau \u00e0 la fontaine communale.<\/p>\n<p>Pour les Orians, c&rsquo;est la \u00ab\u00a0Maison Paysans\u00a0\u00bb, sobriquet de ses anciens habitants (ici, auparavant, tout le monde avait son sobriquet&#8230;).<\/p>\n\n<p>[vc_gallery type=\u00a0\u00bbimage_grid\u00a0\u00bb images=\u00a0\u00bb2623,2604,2603,356,355,354,343,364,362,363,359,358&Prime;]<\/p>\n\n\n\n<div style=\"height:50px\" aria-hidden=\"true\" class=\"wp-block-spacer\"><\/div>\n\n\n\n<h2 class=\"wp-block-heading has-text-align-center\">D\u00e9molition des cloisons et planchers<\/h2>\n\n\n\n<hr class=\"wp-block-separator has-alpha-channel-opacity is-style-wide\"\/>\n\n\n<p>A l&rsquo;\u00e9tage, des cloisons assez fines s\u00e9parent la partie habitation de la grange. D\u00e9molition \u00e0 la masse et \u00e0 grands coups de pieds, \u00e0 la grande joie de nos jeunes, qui s&rsquo;attaquent ensuite \u00e0 l&rsquo;un des planchers&#8230;<\/p>\n<p>Par contre, au rez-de-chauss\u00e9e, c&rsquo;est une autre paire de manches: on a \u00e0 faire \u00e0 un mur de grosses pierres, d&rsquo;environ 80 cm d&rsquo;\u00e9paisseur, recouvert c\u00f4t\u00e9 habitation d&rsquo;un solide cr\u00e9pis qu&rsquo;on attaque au burin, au marteau-piqueur ou \u00e0 la masse selon l&rsquo;inspiration du moment.<\/p>\n\n<p>[vc_gallery type=\u00a0\u00bbimage_grid\u00a0\u00bb images=\u00a0\u00bb312,311,308,309,321,385,387,389,390,391,392&Prime;][\/vc_column][\/vc_row][vc_row][vc_column][\/vc_column]<\/p>\n\n\n\n<div style=\"height:50px\" aria-hidden=\"true\" class=\"wp-block-spacer\"><\/div>\n\n\n\n<h2 class=\"wp-block-heading has-text-align-center\">Les Dalles et les poutres<\/h2>\n\n\n\n<hr class=\"wp-block-separator has-alpha-channel-opacity is-style-wide\"\/>\n\n\n<h4>Pr\u00e9paration du sol<\/h4>\n<p>\u00c9norme travail de pr\u00e9paration, le sol de l&rsquo;\u00e9curie doit \u00eatre \u00e9galis\u00e9 et d\u00e9barrass\u00e9 de toutes les pierres. Il faut aussi d\u00e9monter et \u00e9vacuer la chemin\u00e9e (toute en pierres bien s\u00fbr) et finir de d\u00e9monter le plancher de l&rsquo;\u00e9tage pour que les ma\u00e7ons puissent faire un cha\u00eenage p\u00e9riph\u00e9rique et ins\u00e9rer les poutrelles.<\/p>\n<p>Poste important avant d&rsquo;\u00e9taler le h\u00e9risson et de couler les dalles, on doit (encore) creuser des tranch\u00e9es pour passer l&rsquo;assainissement en respectant les pentes, puis placer les arriv\u00e9es d&rsquo;eau et certaines gaines \u00e9lectriques qui ne pourront pas passer dans les cloisons. Nous avons \u00e9galement pr\u00e9vu l&#8217;emplacement du po\u00eale et pass\u00e9 un PVC entre le seuil de la porte et le dessous du po\u00eale pour l&rsquo;alimenter en air frais.<\/p>\n<p>Nous pr\u00e9parons aussi des fondations et un solide ferraillage pour des semelles de b\u00e9ton destin\u00e9es au soubassement des poteaux porteurs.<\/p>\n<p><img loading=\"lazy\" decoding=\"async\" class=\"size-medium wp-image-462 alignright\" src=\"http:\/\/alpes-ski-soleil.com\/wp-content\/uploads\/2018\/08\/Dalle-rez-de-jardin-6-300x225.jpg\" alt=\"\" width=\"300\" height=\"225\" srcset=\"https:\/\/alpes-ski-soleil.com\/wp-content\/uploads\/2018\/08\/Dalle-rez-de-jardin-6-300x225.jpg 300w, https:\/\/alpes-ski-soleil.com\/wp-content\/uploads\/2018\/08\/Dalle-rez-de-jardin-6-768x576.jpg 768w, https:\/\/alpes-ski-soleil.com\/wp-content\/uploads\/2018\/08\/Dalle-rez-de-jardin-6.jpg 1000w\" sizes=\"auto, (max-width: 300px) 100vw, 300px\" \/><\/p>\n<h4>Coulage de la dalle du rez de jardin<\/h4>\n<p>Deux toupies et une pompe. La dalle n&rsquo;est pas ferraill\u00e9e, mais le b\u00e9ton est additionn\u00e9 de fibres et hydrofug\u00e9. Les semelles des poteaux sont coul\u00e9s en m\u00eame temps.<\/p>\n<p><img loading=\"lazy\" decoding=\"async\" class=\"size-medium wp-image-470 alignleft\" src=\"http:\/\/alpes-ski-soleil.com\/wp-content\/uploads\/2018\/08\/Poutres-300x225.jpg\" alt=\"D\u00e9montage des poutres\" width=\"300\" height=\"225\" srcset=\"https:\/\/alpes-ski-soleil.com\/wp-content\/uploads\/2018\/08\/Poutres-300x225.jpg 300w, https:\/\/alpes-ski-soleil.com\/wp-content\/uploads\/2018\/08\/Poutres-768x576.jpg 768w, https:\/\/alpes-ski-soleil.com\/wp-content\/uploads\/2018\/08\/Poutres.jpg 1000w\" sizes=\"auto, (max-width: 300px) 100vw, 300px\" \/><\/p>\n<h4>D\u00e9montage du plancher et des poutres<\/h4>\n<p>Les poutres sont tron\u00e7onn\u00e9es au ras des murs et descendues \u00e0 l&rsquo;aide d&rsquo;un ou deux palans selon leur position.<\/p>\n<p>[\/vc_column_text][vc_empty_space][vc_gallery type=\u00a0\u00bbimage_grid\u00a0\u00bb images=\u00a0\u00bb473,470,469,464,461,460,457&Prime;][vc_column_text]<\/p>\n\n\n<div style=\"height:50px\" aria-hidden=\"true\" class=\"wp-block-spacer\"><\/div>\n\n\n\n<h2 class=\"wp-block-heading has-text-align-center\">Quelques Photos Avant-Apr\u00e8s<\/h2>\n\n\n\n<div class=\"wp-block-columns is-layout-flex wp-container-core-columns-is-layout-28f84493 wp-block-columns-is-layout-flex\">\n<div class=\"wp-block-column is-layout-flow wp-block-column-is-layout-flow\" style=\"flex-basis:100%\">\n<figure class=\"wp-block-gallery has-nested-images columns-2 is-cropped wp-block-gallery-1 is-layout-flex wp-block-gallery-is-layout-flex\">\n<figure class=\"wp-block-image size-large\"><img loading=\"lazy\" decoding=\"async\" width=\"1024\" height=\"683\" data-id=\"2868\" src=\"https:\/\/alpes-ski-soleil.com\/wp-content\/uploads\/2021\/12\/5.2-1024x683.jpg\" alt=\"\" class=\"wp-image-2868\" srcset=\"https:\/\/alpes-ski-soleil.com\/wp-content\/uploads\/2021\/12\/5.2-1024x683.jpg 1024w, https:\/\/alpes-ski-soleil.com\/wp-content\/uploads\/2021\/12\/5.2-300x200.jpg 300w, https:\/\/alpes-ski-soleil.com\/wp-content\/uploads\/2021\/12\/5.2-768x512.jpg 768w, https:\/\/alpes-ski-soleil.com\/wp-content\/uploads\/2021\/12\/5.2-80x53.jpg 80w, https:\/\/alpes-ski-soleil.com\/wp-content\/uploads\/2021\/12\/5.2-1536x1024.jpg 1536w, https:\/\/alpes-ski-soleil.com\/wp-content\/uploads\/2021\/12\/5.2-2048x1365.jpg 2048w\" sizes=\"auto, (max-width: 1024px) 100vw, 1024px\" \/><\/figure>\n\n\n\n<figure class=\"wp-block-image size-large\"><img loading=\"lazy\" decoding=\"async\" width=\"1024\" height=\"683\" data-id=\"2866\" src=\"https:\/\/alpes-ski-soleil.com\/wp-content\/uploads\/2021\/12\/4.2-1024x683.jpg\" alt=\"\" class=\"wp-image-2866\" srcset=\"https:\/\/alpes-ski-soleil.com\/wp-content\/uploads\/2021\/12\/4.2-1024x683.jpg 1024w, https:\/\/alpes-ski-soleil.com\/wp-content\/uploads\/2021\/12\/4.2-300x200.jpg 300w, https:\/\/alpes-ski-soleil.com\/wp-content\/uploads\/2021\/12\/4.2-768x512.jpg 768w, https:\/\/alpes-ski-soleil.com\/wp-content\/uploads\/2021\/12\/4.2-80x53.jpg 80w, https:\/\/alpes-ski-soleil.com\/wp-content\/uploads\/2021\/12\/4.2-1536x1024.jpg 1536w, https:\/\/alpes-ski-soleil.com\/wp-content\/uploads\/2021\/12\/4.2-2048x1365.jpg 2048w\" sizes=\"auto, (max-width: 1024px) 100vw, 1024px\" \/><\/figure>\n\n\n\n<figure class=\"wp-block-image size-large\"><img loading=\"lazy\" decoding=\"async\" width=\"683\" height=\"1024\" data-id=\"2860\" src=\"https:\/\/alpes-ski-soleil.com\/wp-content\/uploads\/2021\/12\/1.2-683x1024.jpg\" alt=\"\" class=\"wp-image-2860\" srcset=\"https:\/\/alpes-ski-soleil.com\/wp-content\/uploads\/2021\/12\/1.2-683x1024.jpg 683w, https:\/\/alpes-ski-soleil.com\/wp-content\/uploads\/2021\/12\/1.2-200x300.jpg 200w, https:\/\/alpes-ski-soleil.com\/wp-content\/uploads\/2021\/12\/1.2-768x1152.jpg 768w, https:\/\/alpes-ski-soleil.com\/wp-content\/uploads\/2021\/12\/1.2-53x80.jpg 53w, https:\/\/alpes-ski-soleil.com\/wp-content\/uploads\/2021\/12\/1.2-1024x1536.jpg 1024w, https:\/\/alpes-ski-soleil.com\/wp-content\/uploads\/2021\/12\/1.2-1365x2048.jpg 1365w, https:\/\/alpes-ski-soleil.com\/wp-content\/uploads\/2021\/12\/1.2-scaled.jpg 1706w\" sizes=\"auto, (max-width: 683px) 100vw, 683px\" \/><\/figure>\n\n\n\n<figure class=\"wp-block-image size-large\"><img loading=\"lazy\" decoding=\"async\" width=\"684\" height=\"1024\" data-id=\"2859\" src=\"https:\/\/alpes-ski-soleil.com\/wp-content\/uploads\/2021\/12\/1.1-684x1024.jpg\" alt=\"\" class=\"wp-image-2859\" srcset=\"https:\/\/alpes-ski-soleil.com\/wp-content\/uploads\/2021\/12\/1.1-684x1024.jpg 684w, https:\/\/alpes-ski-soleil.com\/wp-content\/uploads\/2021\/12\/1.1-200x300.jpg 200w, https:\/\/alpes-ski-soleil.com\/wp-content\/uploads\/2021\/12\/1.1-768x1150.jpg 768w, https:\/\/alpes-ski-soleil.com\/wp-content\/uploads\/2021\/12\/1.1-53x80.jpg 53w, https:\/\/alpes-ski-soleil.com\/wp-content\/uploads\/2021\/12\/1.1-1026x1536.jpg 1026w, https:\/\/alpes-ski-soleil.com\/wp-content\/uploads\/2021\/12\/1.1-1368x2048.jpg 1368w, https:\/\/alpes-ski-soleil.com\/wp-content\/uploads\/2021\/12\/1.1-scaled.jpg 1710w\" sizes=\"auto, (max-width: 684px) 100vw, 684px\" \/><\/figure>\n\n\n\n<figure class=\"wp-block-image size-large\"><img loading=\"lazy\" decoding=\"async\" width=\"1024\" height=\"684\" data-id=\"2861\" src=\"https:\/\/alpes-ski-soleil.com\/wp-content\/uploads\/2021\/12\/2.1-1024x684.jpg\" alt=\"\" class=\"wp-image-2861\" srcset=\"https:\/\/alpes-ski-soleil.com\/wp-content\/uploads\/2021\/12\/2.1-1024x684.jpg 1024w, https:\/\/alpes-ski-soleil.com\/wp-content\/uploads\/2021\/12\/2.1-300x200.jpg 300w, https:\/\/alpes-ski-soleil.com\/wp-content\/uploads\/2021\/12\/2.1-768x513.jpg 768w, https:\/\/alpes-ski-soleil.com\/wp-content\/uploads\/2021\/12\/2.1-80x53.jpg 80w, https:\/\/alpes-ski-soleil.com\/wp-content\/uploads\/2021\/12\/2.1-1536x1026.jpg 1536w, https:\/\/alpes-ski-soleil.com\/wp-content\/uploads\/2021\/12\/2.1-2048x1368.jpg 2048w\" sizes=\"auto, (max-width: 1024px) 100vw, 1024px\" \/><\/figure>\n\n\n\n<figure class=\"wp-block-image size-large\"><img loading=\"lazy\" decoding=\"async\" width=\"1024\" height=\"683\" data-id=\"2862\" src=\"https:\/\/alpes-ski-soleil.com\/wp-content\/uploads\/2021\/12\/2.2-1024x683.jpg\" alt=\"\" class=\"wp-image-2862\" srcset=\"https:\/\/alpes-ski-soleil.com\/wp-content\/uploads\/2021\/12\/2.2-1024x683.jpg 1024w, https:\/\/alpes-ski-soleil.com\/wp-content\/uploads\/2021\/12\/2.2-300x200.jpg 300w, https:\/\/alpes-ski-soleil.com\/wp-content\/uploads\/2021\/12\/2.2-768x512.jpg 768w, https:\/\/alpes-ski-soleil.com\/wp-content\/uploads\/2021\/12\/2.2-80x53.jpg 80w, https:\/\/alpes-ski-soleil.com\/wp-content\/uploads\/2021\/12\/2.2-1536x1024.jpg 1536w, https:\/\/alpes-ski-soleil.com\/wp-content\/uploads\/2021\/12\/2.2-2048x1365.jpg 2048w\" sizes=\"auto, (max-width: 1024px) 100vw, 1024px\" \/><\/figure>\n\n\n\n<figure class=\"wp-block-image size-large\"><img loading=\"lazy\" decoding=\"async\" width=\"1024\" height=\"684\" data-id=\"2863\" src=\"https:\/\/alpes-ski-soleil.com\/wp-content\/uploads\/2021\/12\/3.1-1024x684.jpg\" alt=\"\" class=\"wp-image-2863\" srcset=\"https:\/\/alpes-ski-soleil.com\/wp-content\/uploads\/2021\/12\/3.1-1024x684.jpg 1024w, https:\/\/alpes-ski-soleil.com\/wp-content\/uploads\/2021\/12\/3.1-300x200.jpg 300w, https:\/\/alpes-ski-soleil.com\/wp-content\/uploads\/2021\/12\/3.1-768x513.jpg 768w, https:\/\/alpes-ski-soleil.com\/wp-content\/uploads\/2021\/12\/3.1-80x53.jpg 80w, https:\/\/alpes-ski-soleil.com\/wp-content\/uploads\/2021\/12\/3.1-1536x1026.jpg 1536w, https:\/\/alpes-ski-soleil.com\/wp-content\/uploads\/2021\/12\/3.1-2048x1368.jpg 2048w\" sizes=\"auto, (max-width: 1024px) 100vw, 1024px\" \/><\/figure>\n\n\n\n<figure class=\"wp-block-image size-large\"><img loading=\"lazy\" decoding=\"async\" width=\"1024\" height=\"683\" data-id=\"2864\" src=\"https:\/\/alpes-ski-soleil.com\/wp-content\/uploads\/2021\/12\/3.2-1024x683.jpg\" alt=\"\" class=\"wp-image-2864\" srcset=\"https:\/\/alpes-ski-soleil.com\/wp-content\/uploads\/2021\/12\/3.2-1024x683.jpg 1024w, https:\/\/alpes-ski-soleil.com\/wp-content\/uploads\/2021\/12\/3.2-300x200.jpg 300w, https:\/\/alpes-ski-soleil.com\/wp-content\/uploads\/2021\/12\/3.2-768x512.jpg 768w, https:\/\/alpes-ski-soleil.com\/wp-content\/uploads\/2021\/12\/3.2-80x53.jpg 80w, https:\/\/alpes-ski-soleil.com\/wp-content\/uploads\/2021\/12\/3.2-1536x1024.jpg 1536w, https:\/\/alpes-ski-soleil.com\/wp-content\/uploads\/2021\/12\/3.2-2048x1365.jpg 2048w\" sizes=\"auto, (max-width: 1024px) 100vw, 1024px\" \/><\/figure>\n\n\n\n<figure class=\"wp-block-image size-large\"><img loading=\"lazy\" decoding=\"async\" width=\"1024\" height=\"683\" data-id=\"2877\" src=\"https:\/\/alpes-ski-soleil.com\/wp-content\/uploads\/2021\/12\/9.2-1024x683.jpeg\" alt=\"\" class=\"wp-image-2877\" srcset=\"https:\/\/alpes-ski-soleil.com\/wp-content\/uploads\/2021\/12\/9.2-1024x683.jpeg 1024w, https:\/\/alpes-ski-soleil.com\/wp-content\/uploads\/2021\/12\/9.2-300x200.jpeg 300w, https:\/\/alpes-ski-soleil.com\/wp-content\/uploads\/2021\/12\/9.2-768x512.jpeg 768w, https:\/\/alpes-ski-soleil.com\/wp-content\/uploads\/2021\/12\/9.2-80x53.jpeg 80w, https:\/\/alpes-ski-soleil.com\/wp-content\/uploads\/2021\/12\/9.2-1536x1024.jpeg 1536w, https:\/\/alpes-ski-soleil.com\/wp-content\/uploads\/2021\/12\/9.2-2048x1365.jpeg 2048w\" sizes=\"auto, (max-width: 1024px) 100vw, 1024px\" \/><\/figure>\n\n\n\n<figure class=\"wp-block-image size-large\"><img loading=\"lazy\" decoding=\"async\" width=\"1024\" height=\"684\" data-id=\"2876\" src=\"https:\/\/alpes-ski-soleil.com\/wp-content\/uploads\/2021\/12\/9.1-1024x684.jpg\" alt=\"\" class=\"wp-image-2876\" srcset=\"https:\/\/alpes-ski-soleil.com\/wp-content\/uploads\/2021\/12\/9.1-1024x684.jpg 1024w, https:\/\/alpes-ski-soleil.com\/wp-content\/uploads\/2021\/12\/9.1-300x200.jpg 300w, https:\/\/alpes-ski-soleil.com\/wp-content\/uploads\/2021\/12\/9.1-768x513.jpg 768w, https:\/\/alpes-ski-soleil.com\/wp-content\/uploads\/2021\/12\/9.1-80x53.jpg 80w, https:\/\/alpes-ski-soleil.com\/wp-content\/uploads\/2021\/12\/9.1-1536x1026.jpg 1536w, https:\/\/alpes-ski-soleil.com\/wp-content\/uploads\/2021\/12\/9.1-2048x1368.jpg 2048w\" sizes=\"auto, (max-width: 1024px) 100vw, 1024px\" \/><\/figure>\n\n\n\n<figure class=\"wp-block-image size-large\"><img loading=\"lazy\" decoding=\"async\" width=\"684\" height=\"1024\" data-id=\"2874\" src=\"https:\/\/alpes-ski-soleil.com\/wp-content\/uploads\/2021\/12\/8.1-684x1024.jpg\" alt=\"\" class=\"wp-image-2874\" srcset=\"https:\/\/alpes-ski-soleil.com\/wp-content\/uploads\/2021\/12\/8.1-684x1024.jpg 684w, https:\/\/alpes-ski-soleil.com\/wp-content\/uploads\/2021\/12\/8.1-200x300.jpg 200w, https:\/\/alpes-ski-soleil.com\/wp-content\/uploads\/2021\/12\/8.1-768x1150.jpg 768w, https:\/\/alpes-ski-soleil.com\/wp-content\/uploads\/2021\/12\/8.1-53x80.jpg 53w, https:\/\/alpes-ski-soleil.com\/wp-content\/uploads\/2021\/12\/8.1-1026x1536.jpg 1026w, https:\/\/alpes-ski-soleil.com\/wp-content\/uploads\/2021\/12\/8.1-1368x2048.jpg 1368w, https:\/\/alpes-ski-soleil.com\/wp-content\/uploads\/2021\/12\/8.1-scaled.jpg 1710w\" sizes=\"auto, (max-width: 684px) 100vw, 684px\" \/><\/figure>\n\n\n\n<figure class=\"wp-block-image size-large\"><img loading=\"lazy\" decoding=\"async\" width=\"683\" height=\"1024\" data-id=\"2873\" src=\"https:\/\/alpes-ski-soleil.com\/wp-content\/uploads\/2021\/12\/7.2-683x1024.jpg\" alt=\"\" class=\"wp-image-2873\" srcset=\"https:\/\/alpes-ski-soleil.com\/wp-content\/uploads\/2021\/12\/7.2-683x1024.jpg 683w, https:\/\/alpes-ski-soleil.com\/wp-content\/uploads\/2021\/12\/7.2-200x300.jpg 200w, https:\/\/alpes-ski-soleil.com\/wp-content\/uploads\/2021\/12\/7.2-768x1152.jpg 768w, https:\/\/alpes-ski-soleil.com\/wp-content\/uploads\/2021\/12\/7.2-53x80.jpg 53w, https:\/\/alpes-ski-soleil.com\/wp-content\/uploads\/2021\/12\/7.2-1024x1536.jpg 1024w, https:\/\/alpes-ski-soleil.com\/wp-content\/uploads\/2021\/12\/7.2-1365x2048.jpg 1365w, https:\/\/alpes-ski-soleil.com\/wp-content\/uploads\/2021\/12\/7.2-scaled.jpg 1707w\" sizes=\"auto, (max-width: 683px) 100vw, 683px\" \/><\/figure>\n<\/figure>\n<\/div>\n<\/div>\n\n\n\n<hr class=\"wp-block-separator has-alpha-channel-opacity is-style-wide\"\/>\n\n\n\n<p>Fin 2021, nous avons r\u00e9alis\u00e9 notre appartement au rez de chauss\u00e9e et un appartement au premier \u00e9tage que nous louons depuis d\u00e9but ao\u00fbt. Voici quelques vues actuelles compar\u00e9es \u00e0 ce que c&rsquo;\u00e9tait avant&#8230;<\/p>\n\n\n\n<p>[vc_gallery type=\u00a0\u00bbimage_grid\u00a0\u00bb images=\u00a0\u00bb2859,2860,2861,2862,2863,2864,2865,2866,2867,2868,2869,2871,2872,2873,2874,2875,2876,2877,2878,2879&Prime;]<\/p>\n\n\n\n<div style=\"height:50px\" aria-hidden=\"true\" class=\"wp-block-spacer\"><\/div>\n\n\n\n<h2 class=\"wp-block-heading has-text-align-center\">Petit m\u00e9nage dans le jardin<\/h2>\n\n\n\n<hr class=\"wp-block-separator has-alpha-channel-opacity is-style-wide\"\/>\n\n\n\n<p>Le jardin ne constitue pas vraiment une priorit\u00e9, donc on s&rsquo;en occupe pendant les temps morts, en attendant une livraison de mat\u00e9riaux par exemple. Mais l&rsquo;\u00e9tat du jardin impacte aussi l&rsquo;int\u00e9rieur de la maison, avec en particulier des arbres qui poussent trop pr\u00e8s des murs et dont les racines poussent les pierres, et un \u00e9coulement \u00e0 cr\u00e9er entre la maison et la rue pour limiter les infiltrations d&rsquo;eau de pluie. Cerise sur le g\u00e2teau, quelques tomates ou de belles fleurs aux couleurs vives nous aideront \u00e0 passer les moments les plus durs.<\/p>\n\n\n\n<p>[\/vc_column_text][\/vc_column][\/vc_row][vc_row][vc_column][vc_gallery type=\u00a0\u00bbimage_grid\u00a0\u00bb images=\u00a0\u00bb405,404,403,394,371,370,369,368,367&Prime;][\/vc_column][\/vc_row]<\/p>\n","protected":false},"excerpt":{"rendered":"<p>R\u00e9novation de la maison En 2018, nous avons eu un gros coup de c\u0153ur pour cette grange situ\u00e9e dans le hameau du M\u00e9l\u00e8zet. Cette ferme, dont la construction remonte vraisemblablement au XVIII\u00e8me selon les anciens, \u00e9tait encore habit\u00e9e il y a une quinzaine d&rsquo;ann\u00e9es par Emile et Paul, deux fr\u00e8res descendants d&rsquo;une longue lign\u00e9e de &hellip; <\/p>\n<p class=\"link-more\"><a href=\"https:\/\/alpes-ski-soleil.com\/?page_id=2590\" class=\"more-link\">Lire la suite de<span class=\"screen-reader-text\">\u00ab\u00a0R\u00e9novation de la Maison\u00a0\u00bb<\/span><\/a><\/p>\n","protected":false},"author":2,"featured_media":0,"parent":0,"menu_order":0,"comment_status":"closed","ping_status":"closed","template":"","meta":{"_seopress_robots_primary_cat":"","_seopress_titles_title":"","_seopress_titles_desc":"","_seopress_robots_index":"","footnotes":""},"class_list":["post-2590","page","type-page","status-publish","hentry"],"_links":{"self":[{"href":"https:\/\/alpes-ski-soleil.com\/index.php?rest_route=\/wp\/v2\/pages\/2590","targetHints":{"allow":["GET"]}}],"collection":[{"href":"https:\/\/alpes-ski-soleil.com\/index.php?rest_route=\/wp\/v2\/pages"}],"about":[{"href":"https:\/\/alpes-ski-soleil.com\/index.php?rest_route=\/wp\/v2\/types\/page"}],"author":[{"embeddable":true,"href":"https:\/\/alpes-ski-soleil.com\/index.php?rest_route=\/wp\/v2\/users\/2"}],"replies":[{"embeddable":true,"href":"https:\/\/alpes-ski-soleil.com\/index.php?rest_route=%2Fwp%2Fv2%2Fcomments&post=2590"}],"version-history":[{"count":45,"href":"https:\/\/alpes-ski-soleil.com\/index.php?rest_route=\/wp\/v2\/pages\/2590\/revisions"}],"predecessor-version":[{"id":3947,"href":"https:\/\/alpes-ski-soleil.com\/index.php?rest_route=\/wp\/v2\/pages\/2590\/revisions\/3947"}],"wp:attachment":[{"href":"https:\/\/alpes-ski-soleil.com\/index.php?rest_route=%2Fwp%2Fv2%2Fmedia&parent=2590"}],"curies":[{"name":"wp","href":"https:\/\/api.w.org\/{rel}","templated":true}]}}