{"id":82,"date":"2018-03-16T18:03:29","date_gmt":"2018-03-16T18:03:29","guid":{"rendered":"http:\/\/alpes-ski-soleil.com\/?page_id=82"},"modified":"2025-12-23T15:00:53","modified_gmt":"2025-12-23T15:00:53","slug":"accueil","status":"publish","type":"page","link":"https:\/\/alpes-ski-soleil.com\/","title":{"rendered":"Accueil"},"content":{"rendered":"\n<h2 class=\"wp-block-heading has-text-align-center\">Location d&rsquo;Appartements dans un Chalet aux Orres<\/h2>\n\n\n\n<h3 class=\"wp-block-heading has-text-align-center\">Confort et \u00c9vasion dans les Alpes <\/h3>\n\n\n\n<hr class=\"wp-block-separator has-text-color has-lightgrey-color has-alpha-channel-opacity has-lightgrey-background-color has-background is-style-wide\" style=\"margin-top:0\"\/>\n\n\n\n<div class=\"alignnormal\"><div id=\"metaslider-id-2389\" style=\"width: 100%;\" class=\"ml-slider-3-108-0 metaslider metaslider-nivo metaslider-2389 ml-slider has-dots-nav ms-theme-default\" role=\"region\" aria-label=\"diaporama accueil hiver\" data-height=\"1000\" data-width=\"1920\">\n    <div id=\"metaslider_container_2389\">\n        <div class='slider-wrapper theme-default'><div class='ribbon'><\/div><div id='metaslider_2389' class='nivoSlider'><img loading=\"lazy\" decoding=\"async\" src=\"https:\/\/alpes-ski-soleil.com\/wp-content\/uploads\/2025\/01\/La-Meleziere-sous-la-neige-1920x1000.jpg\" height=\"1000\" width=\"1920\" title=\"La M\u00e9l\u00e9zi\u00e8re sous la neige\" alt=\"\" class=\"slider-2389 slide-3980 msDefaultImage\" \/><img loading=\"lazy\" decoding=\"async\" src=\"https:\/\/alpes-ski-soleil.com\/wp-content\/uploads\/2024\/10\/Jardin-sous-la-neige-1920x1000.jpg\" height=\"1000\" width=\"1920\" title=\"Jardin sous la neige\" alt=\"jardin sous la neige\" class=\"slider-2389 slide-3780 msDefaultImage\" \/><img loading=\"lazy\" decoding=\"async\" src=\"https:\/\/alpes-ski-soleil.com\/wp-content\/uploads\/2024\/10\/La-Meleziere-Salon-Cimes-3-1920x1000.jpg\" height=\"1000\" width=\"1920\" title=\"La M\u00e9l\u00e9zi\u00e8re Salon Cimes 3\" alt=\"la m\u00e9l\u00e9zi\u00e8re salon cimes 3\" class=\"slider-2389 slide-3762 msDefaultImage\" \/><img loading=\"lazy\" decoding=\"async\" src=\"https:\/\/alpes-ski-soleil.com\/wp-content\/uploads\/2024\/10\/La-Meleziere-Salon-Ecrin-3-1920x1000.jpg\" height=\"1000\" width=\"1920\" title=\"La M\u00e9l\u00e9zi\u00e8re Salon Ecrin 3\" alt=\"la m\u00e9l\u00e9zi\u00e8re salon ecrin 3\" class=\"slider-2389 slide-3763 msDefaultImage\" \/><img loading=\"lazy\" decoding=\"async\" src=\"https:\/\/alpes-ski-soleil.com\/wp-content\/uploads\/2024\/10\/La-Meleziere-Salon-Ecrin-2-1920x1000.jpg\" height=\"1000\" width=\"1920\" title=\"La M\u00e9l\u00e9zi\u00e8re Salon Ecrin 2\" alt=\"la m\u00e9l\u00e9zi\u00e8re salon ecrin 2\" class=\"slider-2389 slide-3764 msDefaultImage\" \/><img loading=\"lazy\" decoding=\"async\" src=\"https:\/\/alpes-ski-soleil.com\/wp-content\/uploads\/2024\/10\/La-Meleziere-Salon-Ecrin-1-1920x1000.jpg\" height=\"1000\" width=\"1920\" title=\"La M\u00e9l\u00e9zi\u00e8re Salon Ecrin 1\" alt=\"la m\u00e9l\u00e9zi\u00e8re salon ecrin 1\" class=\"slider-2389 slide-3765 msDefaultImage\" \/><img loading=\"lazy\" decoding=\"async\" src=\"https:\/\/alpes-ski-soleil.com\/wp-content\/uploads\/2024\/10\/La-Meleziere-Salon-Cimes-2-1920x1000.jpg\" height=\"1000\" width=\"1920\" title=\"La M\u00e9l\u00e9zi\u00e8re Salon Cimes 2\" alt=\"la m\u00e9l\u00e9zi\u00e8re salon cimes 2\" class=\"slider-2389 slide-3766 msDefaultImage\" \/><img loading=\"lazy\" decoding=\"async\" src=\"https:\/\/alpes-ski-soleil.com\/wp-content\/uploads\/2024\/10\/La-Meleziere-Salon-Cimes-4-1920x1000.jpg\" height=\"1000\" width=\"1920\" title=\"La M\u00e9l\u00e9zi\u00e8re Salon Cimes 4\" alt=\"la m\u00e9l\u00e9zi\u00e8re salon cimes 4\" class=\"slider-2389 slide-3767 msDefaultImage\" \/><img loading=\"lazy\" decoding=\"async\" src=\"https:\/\/alpes-ski-soleil.com\/wp-content\/uploads\/2024\/10\/La-Meleziere-Coin-feu-Cimes-2-1920x1000.jpg\" height=\"1000\" width=\"1920\" title=\"La M\u00e9l\u00e9zi\u00e8re Coin feu Cimes 2\" alt=\"la m\u00e9l\u00e9zi\u00e8re coin feu cimes 2\" class=\"slider-2389 slide-3772 msDefaultImage\" \/><img loading=\"lazy\" decoding=\"async\" src=\"https:\/\/alpes-ski-soleil.com\/wp-content\/uploads\/2024\/10\/La-Meleziere-Salon-Cimes-5-1920x1000.jpg\" height=\"1000\" width=\"1920\" title=\"La M\u00e9l\u00e9zi\u00e8re Salon Cimes 5\" alt=\"la m\u00e9l\u00e9zi\u00e8re salon cimes 5\" class=\"slider-2389 slide-3768 msDefaultImage\" \/><img loading=\"lazy\" decoding=\"async\" src=\"https:\/\/alpes-ski-soleil.com\/wp-content\/uploads\/2024\/10\/La-Meleziere-Salon-Cimes-1-1920x1000.jpg\" height=\"1000\" width=\"1920\" title=\"La M\u00e9l\u00e9zi\u00e8re Salon Cimes 1\" alt=\"la m\u00e9l\u00e9zi\u00e8re salon cimes 1\" class=\"slider-2389 slide-3769 msDefaultImage\" \/><img loading=\"lazy\" decoding=\"async\" src=\"https:\/\/alpes-ski-soleil.com\/wp-content\/uploads\/2024\/10\/La-Meleziere-Salle-de-Bains-Ecrin-2-1920x1000.jpg\" height=\"1000\" width=\"1920\" title=\"La M\u00e9l\u00e9zi\u00e8re Salle de Bains Ecrin 2\" alt=\"la m\u00e9l\u00e9zi\u00e8re salle de bains ecrin 2\" class=\"slider-2389 slide-3770 msDefaultImage\" \/><img loading=\"lazy\" decoding=\"async\" src=\"https:\/\/alpes-ski-soleil.com\/wp-content\/uploads\/2024\/10\/La-Meleziere-Chambre-Cuisine-1-1920x1000.jpg\" height=\"1000\" width=\"1920\" title=\"La M\u00e9l\u00e9zi\u00e8re Chambre Cuisine 1\" alt=\"la m\u00e9l\u00e9zi\u00e8re chambre cuisine 1\" class=\"slider-2389 slide-3775 msDefaultImage\" \/><img loading=\"lazy\" decoding=\"async\" src=\"https:\/\/alpes-ski-soleil.com\/wp-content\/uploads\/2024\/10\/Village-enneige-1-1920x1000.jpg\" height=\"1000\" width=\"1920\" title=\"Village enneig\u00e9 1\" alt=\"village enneig\u00e9 1\" class=\"slider-2389 slide-3783 msDefaultImage\" \/><img loading=\"lazy\" decoding=\"async\" src=\"https:\/\/alpes-ski-soleil.com\/wp-content\/uploads\/2024\/10\/La-Meleziere-Chambre-Ecrin-2-1920x1000.jpg\" height=\"1000\" width=\"1920\" title=\"La M\u00e9l\u00e9zi\u00e8re Chambre Ecrin 2\" alt=\"la m\u00e9l\u00e9zi\u00e8re chambre ecrin 2\" class=\"slider-2389 slide-3773 msDefaultImage\" \/><img loading=\"lazy\" decoding=\"async\" src=\"https:\/\/alpes-ski-soleil.com\/wp-content\/uploads\/2024\/10\/La-Meleziere-Salle-de-Bains-Cimes-1-1920x1000.jpg\" height=\"1000\" width=\"1920\" title=\"La M\u00e9l\u00e9zi\u00e8re Salle de Bains Cimes 1\" alt=\"la m\u00e9l\u00e9zi\u00e8re salle de bains cimes 1\" class=\"slider-2389 slide-3771 msDefaultImage\" \/><img loading=\"lazy\" decoding=\"async\" src=\"https:\/\/alpes-ski-soleil.com\/wp-content\/uploads\/2024\/10\/Pistes-enneigees-1-1920x1000.jpg\" height=\"1000\" width=\"1920\" title=\"Pistes enneig\u00e9es 1\" alt=\"pistes enneig\u00e9es 1\" class=\"slider-2389 slide-3781 msDefaultImage\" \/><img loading=\"lazy\" decoding=\"async\" src=\"https:\/\/alpes-ski-soleil.com\/wp-content\/uploads\/2024\/10\/La-Meleziere-Chambre-Ecrin-1-1920x1000.jpg\" height=\"1000\" width=\"1920\" title=\"La M\u00e9l\u00e9zi\u00e8re Chambre Ecrin 1\" alt=\"la m\u00e9l\u00e9zi\u00e8re chambre ecrin 1\" class=\"slider-2389 slide-3774 msDefaultImage\" \/><img loading=\"lazy\" decoding=\"async\" src=\"https:\/\/alpes-ski-soleil.com\/wp-content\/uploads\/2024\/10\/Sapins--1920x1000.jpg\" height=\"1000\" width=\"1920\" title=\"Sapins\" alt=\"sapins\" class=\"slider-2389 slide-3782 msDefaultImage\" \/><\/div><\/div>\n        \n    <\/div>\n<\/div><\/div>\n\n\n\n<p>Bienvenue aux Orres, dans le c\u0153ur des Alpes, o\u00f9 nous vous proposons des appartements de standing dans un chalet de luxe. Que vous cherchiez une location saisonni\u00e8re pour vos vacances d&rsquo;hiver ou un refuge en \u00e9t\u00e9, nos h\u00e9bergements sont id\u00e9alement situ\u00e9s pour profiter des pistes de ski, des randonn\u00e9es, et bien plus encore.<\/p>\n\n\n\n<p>Nous avons eu un gros coup de c\u0153ur pour cette grange situ\u00e9e au calme d&rsquo;un village sous la station des Orres et \u00e0 15 minutes du Lac de Serre-Pon\u00e7on. Plusieurs ann\u00e9es de travaux nous ont \u00e9t\u00e9 n\u00e9cessaires pour sauver cette maison de pays en p\u00e9ril. Une r\u00e9novation soign\u00e9e en utilisant au mieux les mat\u00e9riaux trouv\u00e9s sur place.<\/p>\n\n\n\n<div style=\"height:50px\" aria-hidden=\"true\" class=\"wp-block-spacer\"><\/div>\n\n\n\n<h2 class=\"wp-block-heading has-text-align-center\"><strong>Appartements de luxe aux Orres<\/strong><\/h2>\n\n\n\n<hr class=\"wp-block-separator has-text-color has-lightgrey-color has-alpha-channel-opacity has-lightgrey-background-color has-background is-style-wide\"\/>\n\n\n\n<p>Nos appartements aux Orres peuvent accueillir chacun jusqu\u2019\u00e0 6 personnes avec 3 chambres, chacune disposant de sa propre salle de bain et WC. Vous appr\u00e9cierez le confort d\u2019un po\u00eale \u00e0 granules et une vue imprenable sur les montagnes. Notre chalet de luxe dans les Alpes vous offre tout le confort n\u00e9cessaire pour un s\u00e9jour inoubliable en famille ou entre amis. Nos deux appartements <a href=\"https:\/\/alpes-ski-soleil.com\/les-cimes\" data-type=\"link\" data-id=\"https:\/\/alpes-ski-soleil.com\/les-cimes\">Les Cimes<\/a> et <a href=\"https:\/\/alpes-ski-soleil.com\/ecrin\" data-type=\"link\" data-id=\"https:\/\/alpes-ski-soleil.com\/ecrin\">L\u2019\u00c9crin<\/a> sont parfaitement \u00e9quip\u00e9s pour garantir votre bien-\u00eatre tout au long de l&rsquo;ann\u00e9e. Que vous veniez pour profiter des pistes de ski en hiver ou des sentiers de randonn\u00e9e en \u00e9t\u00e9, <em>La M\u00e9l\u00e9zi\u00e8re<\/em> est l&rsquo;endroit r\u00eav\u00e9 pour vous ressourcer.<\/p>\n\n\n\n<div style=\"height:50px\" aria-hidden=\"true\" class=\"wp-block-spacer\"><\/div>\n\n\n\n<div class=\"wp-block-buttons is-vertical is-content-justification-center is-layout-flex wp-container-core-buttons-is-layout-734eb2c2 wp-block-buttons-is-layout-flex\">\n<div class=\"wp-block-button has-custom-width wp-block-button__width-50 is-style-fill\"><a class=\"wp-block-button__link has-background wp-element-button\" href=\"https:\/\/alpes-ski-soleil.com\/?page_id=486\" style=\"border-radius:5px;background-color:#deb666\">Visiter l&rsquo;appartement L&rsquo;Ecrin<\/a><\/div>\n\n\n\n<div class=\"wp-block-button has-custom-width wp-block-button__width-50 is-style-fill\" id=\"https:\/\/my.matterport.com\/show\/?m=pMDDT7zMMfm\"><a class=\"wp-block-button__link has-background wp-element-button\" href=\"https:\/\/alpes-ski-soleil.com\/?page_id=3018\" style=\"border-radius:5px;background-color:#deb666\">Visiter l&rsquo;appartement Les Cimes<\/a><\/div>\n<\/div>\n\n\n\n<div style=\"height:50px\" aria-hidden=\"true\" class=\"wp-block-spacer\"><\/div>\n\n\n\n<div class=\"alignnormal\"><div id=\"metaslider-id-3949\" style=\"max-width: 600px; margin: 0 auto;\" class=\"ml-slider-3-108-0 metaslider metaslider-nivo metaslider-3949 ml-slider has-dots-nav ms-theme-default\" role=\"region\" aria-label=\"Diaporama Page Accueil\" data-height=\"300\" data-width=\"600\">\n    <div id=\"metaslider_container_3949\">\n        <div class='slider-wrapper theme-default'><div class='ribbon'><\/div><div id='metaslider_3949' class='nivoSlider'><img loading=\"lazy\" decoding=\"async\" src=\"https:\/\/alpes-ski-soleil.com\/wp-content\/uploads\/2024\/10\/Village-enneige-1-600x300.jpg\" height=\"300\" width=\"600\" title=\"Village enneig\u00e9 1\" alt=\"village enneig\u00e9 1\" class=\"slider-3949 slide-3950 msDefaultImage\" \/><img loading=\"lazy\" decoding=\"async\" src=\"https:\/\/alpes-ski-soleil.com\/wp-content\/uploads\/2024\/10\/Ecrin-La-Meleziere-Salon-1-600x300.jpg\" height=\"300\" width=\"600\" title=\"Ecrin La M\u00e9l\u00e9zi\u00e8re Salon 1\" alt=\"ecrin la m\u00e9l\u00e9zi\u00e8re salon 1\" class=\"slider-3949 slide-3951 msDefaultImage\" \/><img loading=\"lazy\" decoding=\"async\" src=\"https:\/\/alpes-ski-soleil.com\/wp-content\/uploads\/2024\/10\/Ecrin-La-Meleziere-Salle-de-Sport-600x300.jpg\" height=\"300\" width=\"600\" title=\"Ecrin La M\u00e9l\u00e9zi\u00e8re Salle de Sport\" alt=\"ecrin la m\u00e9l\u00e9zi\u00e8re salle de sport\" class=\"slider-3949 slide-3952 msDefaultImage\" \/><img loading=\"lazy\" decoding=\"async\" src=\"https:\/\/alpes-ski-soleil.com\/wp-content\/uploads\/2024\/10\/Ecrin-La-Meleziere-Salon-2-600x300.jpg\" height=\"300\" width=\"600\" title=\"Ecrin La M\u00e9l\u00e9zi\u00e8re Salon 2\" alt=\"ecrin la m\u00e9l\u00e9zi\u00e8re salon 2\" class=\"slider-3949 slide-3953 msDefaultImage\" \/><img loading=\"lazy\" decoding=\"async\" src=\"https:\/\/alpes-ski-soleil.com\/wp-content\/uploads\/2024\/10\/Ecrin-La-Meleziere-Chambre-1b-600x300.jpg\" height=\"300\" width=\"600\" title=\"Ecrin La M\u00e9l\u00e9zi\u00e8re Chambre 1b\" alt=\"ecrin la m\u00e9l\u00e9zi\u00e8re chambre 1b\" class=\"slider-3949 slide-3955 msDefaultImage\" \/><img loading=\"lazy\" decoding=\"async\" src=\"https:\/\/alpes-ski-soleil.com\/wp-content\/uploads\/2024\/10\/Cimes-La-Meleziere-Salle-a-manger-6-600x300.jpg\" height=\"300\" width=\"600\" title=\"Cimes La M\u00e9l\u00e9zi\u00e8re Salle \u00e0 manger 6\" alt=\"cimes la m\u00e9l\u00e9zi\u00e8re salle \u00e0 manger 6\" class=\"slider-3949 slide-3957 msDefaultImage\" \/><img loading=\"lazy\" decoding=\"async\" src=\"https:\/\/alpes-ski-soleil.com\/wp-content\/uploads\/2024\/10\/Cimes-La-Meleziere-Salon-6-600x300.jpg\" height=\"300\" width=\"600\" title=\"Cimes La M\u00e9l\u00e9zi\u00e8re Salon 6\" alt=\"cimes la m\u00e9l\u00e9zi\u00e8re salon 6\" class=\"slider-3949 slide-3958 msDefaultImage\" \/><img loading=\"lazy\" decoding=\"async\" src=\"https:\/\/alpes-ski-soleil.com\/wp-content\/uploads\/2024\/10\/Chambre-Meleziere-Cimes-2b-600x300.jpg\" height=\"300\" width=\"600\" title=\"Chambre M\u00e9l\u00e9zi\u00e8re Cimes 2b\" alt=\"chambre m\u00e9l\u00e9zi\u00e8re cimes 2b\" class=\"slider-3949 slide-3959 msDefaultImage\" \/><img loading=\"lazy\" decoding=\"async\" src=\"https:\/\/alpes-ski-soleil.com\/wp-content\/uploads\/2024\/10\/Cimes-La-Meleziere-Salle-a-manger-5-600x300.jpg\" height=\"300\" width=\"600\" title=\"Cimes La M\u00e9l\u00e9zi\u00e8re Salle \u00e0 manger 5\" alt=\"cimes la m\u00e9l\u00e9zi\u00e8re salle \u00e0 manger 5\" class=\"slider-3949 slide-3960 msDefaultImage\" \/><img loading=\"lazy\" decoding=\"async\" src=\"https:\/\/alpes-ski-soleil.com\/wp-content\/uploads\/2024\/10\/Cimes-La-Meleziere-Coin-feu-1-600x300.jpg\" height=\"300\" width=\"600\" title=\"Cimes La M\u00e9l\u00e9zi\u00e8re Coin feu 1\" alt=\"cimes la m\u00e9l\u00e9zi\u00e8re coin feu 1\" class=\"slider-3949 slide-3961 msDefaultImage\" \/><img loading=\"lazy\" decoding=\"async\" src=\"https:\/\/alpes-ski-soleil.com\/wp-content\/uploads\/2024\/10\/Cimes-La-Meleziere-Balcon-4-600x300.jpg\" height=\"300\" width=\"600\" title=\"Cimes La M\u00e9l\u00e9zi\u00e8re Balcon 4\" alt=\"cimes la m\u00e9l\u00e9zi\u00e8re balcon 4\" class=\"slider-3949 slide-3962 msDefaultImage\" \/><img loading=\"lazy\" decoding=\"async\" src=\"https:\/\/alpes-ski-soleil.com\/wp-content\/uploads\/2024\/10\/Pistes-enneigees-1-600x300.jpg\" height=\"300\" width=\"600\" title=\"Pistes enneig\u00e9es 1\" alt=\"pistes enneig\u00e9es 1\" class=\"slider-3949 slide-3963 msDefaultImage\" \/><\/div><\/div>\n        \n    <\/div>\n<\/div><\/div>\n\n\n\n<div style=\"height:50px\" aria-hidden=\"true\" class=\"wp-block-spacer\"><\/div>\n\n\n\n<h3 class=\"wp-block-heading\"><strong>Un emplacement id\u00e9al pour vos vacances<\/strong><\/h3>\n\n\n\n<p>Situ\u00e9s \u00e0 proximit\u00e9 imm\u00e9diate de la station des Orres, nos appartements vous permettent un acc\u00e8s rapide aux remont\u00e9es m\u00e9caniques, aux commerces et aux activit\u00e9s locales. Que vous soyez amateur de sports d&rsquo;hiver, de nature ou simplement en qu\u00eate de d\u00e9tente, notre h\u00e9bergement de standing saura r\u00e9pondre \u00e0 toutes vos attentes. En \u00e9t\u00e9, profitez de la montagne avec de nombreuses randonn\u00e9es et activit\u00e9s de plein air. Que ce soit pour l&rsquo;hiver ou l&rsquo;\u00e9t\u00e9, nos locations offrent le cadre id\u00e9al pour explorer les Hautes Alpes en toute saison.<\/p>\n\n\n\n<div style=\"height:20px\" aria-hidden=\"true\" class=\"wp-block-spacer\"><\/div>\n\n\n\n<h3 class=\"wp-block-heading\"><strong><strong>Des services haut de gamme<\/strong><\/strong><\/h3>\n\n\n\n<p>Nos appartements sont enti\u00e8rement \u00e9quip\u00e9s pour garantir votre confort : po\u00eale \u00e0 granules, connexion wifi gratuite (fibre), cuisine \u00e9quip\u00e9e, parking priv\u00e9 et bien plus encore. L&rsquo;un des h\u00e9bergements offre aussi des services suppl\u00e9mentaires comme un sauna, parfaits pour vous d\u00e9tendre apr\u00e8s une journ\u00e9e d&rsquo;activit\u00e9s, et une salle de sport. Nous mettons \u00e0 votre disposition tout le confort n\u00e9cessaire pour que vous profitiez pleinement de votre s\u00e9jour. Chaque d\u00e9tail a \u00e9t\u00e9 pens\u00e9 pour rendre votre exp\u00e9rience unique. <\/p>\n\n\n\n<div style=\"height:50px\" aria-hidden=\"true\" class=\"wp-block-spacer\"><\/div>\n\n\n\n<div class=\"wp-block-buttons is-vertical is-content-justification-center is-layout-flex wp-container-core-buttons-is-layout-734eb2c2 wp-block-buttons-is-layout-flex\">\n<div class=\"wp-block-button has-custom-width wp-block-button__width-50 is-style-fill\" id=\"https:\/\/my.matterport.com\/show\/?m=pMDDT7zMMfm\"><a class=\"wp-block-button__link has-background wp-element-button\" href=\"https:\/\/alpes-ski-soleil.com\/?page_id=1110\" style=\"border-radius:5px;background-color:#deb666\">Avis clients<\/a><\/div>\n<\/div>\n\n\n\n<div style=\"height:50px\" aria-hidden=\"true\" class=\"wp-block-spacer\"><\/div>\n\n\n\n<h3 class=\"wp-block-heading\"><strong><strong><a href=\"https:\/\/alpes-ski-soleil.com\/?page_id=2663\"><strong>R\u00e9servez d\u00e8s maintenant<\/strong><\/a><\/strong><\/strong><\/h3>\n\n\n\n<p>R\u00e9servez d\u00e8s aujourd\u2019hui votre location saisonni\u00e8re aux Orres et vivez une exp\u00e9rience unique dans les Alpes. Nos appartements de standing dans un de luxe vous attendent pour des vacances inoubliables. Contactez-nous pour plus d\u2019informations ou pour b\u00e9n\u00e9ficier de nos offres sp\u00e9ciales. Ne manquez pas l\u2019occasion de s\u00e9journer dans un lieu exceptionnel aux Orres. Consultez nos disponibilit\u00e9s en ligne et r\u00e9servez votre s\u00e9jour directement via notre site internet. <\/p>\n\n\n\n<h2 class=\"wp-block-heading\">Offres et promotions <\/h2>\n\n\n\n<p>D\u00e9couvrez nos offres de location saisonni\u00e8re aux Orres. Que vous cherchiez une location de derni\u00e8re minute ou des promotions sp\u00e9ciales, nous avons des solutions adapt\u00e9es \u00e0 vos envies. R\u00e9servez d\u00e8s maintenant pour b\u00e9n\u00e9ficier des meilleurs tarifs et profiter pleinement de vos vacances dans les Alpes.<\/p>\n\n\n\n<div style=\"height:50px\" aria-hidden=\"true\" class=\"wp-block-spacer\"><\/div>\n\n\n\n<div class=\"wp-block-buttons is-vertical is-content-justification-center is-layout-flex wp-container-core-buttons-is-layout-734eb2c2 wp-block-buttons-is-layout-flex\">\n<div class=\"wp-block-button has-custom-width wp-block-button__width-50 is-style-fill\" id=\"https:\/\/my.matterport.com\/show\/?m=pMDDT7zMMfm\"><a class=\"wp-block-button__link has-background wp-element-button\" href=\"https:\/\/alpes-ski-soleil.com\/?page_id=2663\" style=\"border-radius:5px;background-color:#deb666\">R\u00e9server <\/a><\/div>\n<\/div>\n\n\n\n<div style=\"height:100px\" aria-hidden=\"true\" class=\"wp-block-spacer\"><\/div>\n\n\n\n<h2 class=\"wp-block-heading has-text-align-center\">Tourisme et Loisirs<\/h2>\n\n\n\n<hr class=\"wp-block-separator has-text-color has-lightgrey-color has-alpha-channel-opacity has-lightgrey-background-color has-background is-style-wide\"\/>\n\n\n\n<p>La station des Orres vous offre un tr\u00e8s large panel de loisirs \u00e9t\u00e9 comme hiver. La proximit\u00e9 du lac de Serre Pon\u00e7on, du Plan d&rsquo;eau d&rsquo;Embrun, de la Durance et du parc Naturel des Ecrins apporte \u00e9galement de nombreuses possibilit\u00e9s d&rsquo;activit\u00e9s. Ainsi, vous pouvez pratiquer le ski, snow-board, rando-raquettes, VTT de descente, randonn\u00e9es \u00e0 pieds ou \u00e0 v\u00e9lo, le patinage dans la patinoire des Orres, natation en piscine (tr\u00e8s belle piscine aux Orres ouverte en \u00e9t\u00e9, ou espace aquatique d\u2019Embrun toute l\u2019ann\u00e9e) ou dans le plan d\u2019eau d\u2019Embrun, voile, planche \u00e0 voile, kyte surf, canyoning, cano\u00e9 kayak, via ferrata, tyroliennes, parapente\u2026<\/p>\n\n\n\n<div style=\"height:20px\" aria-hidden=\"true\" class=\"wp-block-spacer\"><\/div>\n\n\n\n<div class=\"wp-block-buttons is-vertical is-content-justification-center is-layout-flex wp-container-core-buttons-is-layout-734eb2c2 wp-block-buttons-is-layout-flex\">\n<div class=\"wp-block-button has-custom-width wp-block-button__width-50 is-style-fill\"><a class=\"wp-block-button__link has-background wp-element-button\" href=\"https:\/\/alpes-ski-soleil.com\/?page_id=150\" style=\"border-radius:5px;background-color:#deb666\">D\u00e9couvrez Les Orres et ses environs<\/a><\/div>\n<\/div>\n\n\n\n<div style=\"height:50px\" aria-hidden=\"true\" class=\"wp-block-spacer\"><\/div>\n\n\n\n<p><\/p>\n","protected":false},"excerpt":{"rendered":"<p>Location d&rsquo;Appartements dans un Chalet aux Orres Confort et \u00c9vasion dans les Alpes Bienvenue aux Orres, dans le c\u0153ur des Alpes, o\u00f9 nous vous proposons des appartements de standing dans un chalet de luxe. Que vous cherchiez une location saisonni\u00e8re pour vos vacances d&rsquo;hiver ou un refuge en \u00e9t\u00e9, nos h\u00e9bergements sont id\u00e9alement situ\u00e9s pour &hellip; <\/p>\n<p class=\"link-more\"><a href=\"https:\/\/alpes-ski-soleil.com\/\" class=\"more-link\">Lire la suite de<span class=\"screen-reader-text\">\u00ab\u00a0Accueil\u00a0\u00bb<\/span><\/a><\/p>\n","protected":false},"author":1,"featured_media":0,"parent":0,"menu_order":0,"comment_status":"closed","ping_status":"closed","template":"","meta":{"_seopress_robots_primary_cat":"","_seopress_titles_title":"","_seopress_titles_desc":"Location de standing pour vos vacances \u00e0 la montagne dans les Hautes Alpes, \u00e0 deux pas de la station de ski des Orres.","_seopress_robots_index":"","footnotes":""},"class_list":["post-82","page","type-page","status-publish","hentry"],"_links":{"self":[{"href":"https:\/\/alpes-ski-soleil.com\/index.php?rest_route=\/wp\/v2\/pages\/82","targetHints":{"allow":["GET"]}}],"collection":[{"href":"https:\/\/alpes-ski-soleil.com\/index.php?rest_route=\/wp\/v2\/pages"}],"about":[{"href":"https:\/\/alpes-ski-soleil.com\/index.php?rest_route=\/wp\/v2\/types\/page"}],"author":[{"embeddable":true,"href":"https:\/\/alpes-ski-soleil.com\/index.php?rest_route=\/wp\/v2\/users\/1"}],"replies":[{"embeddable":true,"href":"https:\/\/alpes-ski-soleil.com\/index.php?rest_route=%2Fwp%2Fv2%2Fcomments&post=82"}],"version-history":[{"count":156,"href":"https:\/\/alpes-ski-soleil.com\/index.php?rest_route=\/wp\/v2\/pages\/82\/revisions"}],"predecessor-version":[{"id":4369,"href":"https:\/\/alpes-ski-soleil.com\/index.php?rest_route=\/wp\/v2\/pages\/82\/revisions\/4369"}],"wp:attachment":[{"href":"https:\/\/alpes-ski-soleil.com\/index.php?rest_route=%2Fwp%2Fv2%2Fmedia&parent=82"}],"curies":[{"name":"wp","href":"https:\/\/api.w.org\/{rel}","templated":true}]}}